{"id":10,"date":"2023-09-26T16:24:38","date_gmt":"2023-09-26T14:24:38","guid":{"rendered":"http:\/\/mecenat-musee-photo.org\/?page_id=10"},"modified":"2023-10-18T17:23:57","modified_gmt":"2023-10-18T15:23:57","slug":"les-acteurs","status":"publish","type":"page","link":"https:\/\/mecenat-musee-photo.org\/?page_id=10","title":{"rendered":"Les Acteurs"},"content":{"rendered":"\n<p>Cr\u00e9\u00e9es au d\u00e9but des ann\u00e9es 1960 par les fondateurs du Mus\u00e9e, Jean et Andr\u00e9 Fage, les associations \u00ab&nbsp;s\u0153urs&nbsp;\u00bb du Mus\u00e9e Fran\u00e7ais de la Photographie et des Amis du Mus\u00e9e Fran\u00e7ais se mobilisent aujourd\u2019hui pour identifier le ou les m\u00e9c\u00e8nes les plus susceptibles de porter ce projet avec le D\u00e9partement de l\u2019Essonne.<\/p>\n\n\n\n<p>Leur connaissance du dossier et leur disponibilit\u00e9, mais aussi leur objet d\u00e9crit dans leurs statuts respectifs, en font des interlocuteurs soucieux de faciliter le mieux possible la r\u00e9alisation de ce superbe projet.<\/p>\n\n\n\n<p><a href=\"http:\/\/mecenat-musee-photo.org\/?page_id=24\" data-type=\"page\" data-id=\"24\"><strong><em>Le Conseil D\u00e9partemental de l&rsquo;Essonne<\/em><\/strong><\/a><\/p>\n\n\n\n<p><a href=\"http:\/\/mecenat-musee-photo.org\/?page_id=26\" data-type=\"page\" data-id=\"26\"><strong><em>Les Associations du Mus\u00e9e Fran\u00e7ais de la Photographie de Bi\u00e8vres<\/em><\/strong><\/a><\/p>\n","protected":false},"excerpt":{"rendered":"<p>Cr\u00e9\u00e9es au d\u00e9but des ann\u00e9es 1960 par les fondateurs du Mus\u00e9e, Jean et Andr\u00e9 Fage, les associations \u00ab&nbsp;s\u0153urs&nbsp;\u00bb du Mus\u00e9e Fran\u00e7ais de la Photographie et des Amis du Mus\u00e9e Fran\u00e7ais se mobilisent aujourd\u2019hui pour identifier le ou les m\u00e9c\u00e8nes les plus susceptibles de porter ce projet avec le D\u00e9partement de l\u2019Essonne. Leur connaissance du dossier et leur disponibilit\u00e9, mais aussi leur objet d\u00e9crit dans leurs statuts respectifs, en font des interlocuteurs soucieux de faciliter le mieux possible la r\u00e9alisation de&#8230;<\/p>\n<p class=\"read-more\"><a class=\"btn btn-default\" href=\"https:\/\/mecenat-musee-photo.org\/?page_id=10\">Lire la suite<span class=\"screen-reader-text\"> Lire la suite<\/span><\/a><\/p>\n","protected":false},"author":1,"featured_media":0,"parent":0,"menu_order":0,"comment_status":"closed","ping_status":"closed","template":"","meta":{"jetpack_post_was_ever_published":false,"footnotes":""},"class_list":["post-10","page","type-page","status-publish","hentry"],"yoast_head":"<!-- This site is optimized with the Yoast SEO plugin v21.5 - https:\/\/yoast.com\/wordpress\/plugins\/seo\/ -->\n<title>Les Acteurs - M\u00e9c\u00e9nat du Mus\u00e9e Fran\u00e7ais de La Photographie de Bi\u00e8vres<\/title>\n<meta name=\"robots\" content=\"index, follow, max-snippet:-1, max-image-preview:large, max-video-preview:-1\" \/>\n<link rel=\"canonical\" href=\"https:\/\/mecenat-musee-photo.org\/?page_id=10\" \/>\n<meta property=\"og:locale\" content=\"fr_FR\" \/>\n<meta property=\"og:type\" content=\"article\" \/>\n<meta property=\"og:title\" content=\"Les Acteurs - M\u00e9c\u00e9nat du Mus\u00e9e Fran\u00e7ais de La Photographie de Bi\u00e8vres\" \/>\n<meta property=\"og:description\" content=\"Cr\u00e9\u00e9es au d\u00e9but des ann\u00e9es 1960 par les fondateurs du Mus\u00e9e, Jean et Andr\u00e9 Fage, les associations \u00ab&nbsp;s\u0153urs&nbsp;\u00bb du Mus\u00e9e Fran\u00e7ais de la Photographie et des Amis du Mus\u00e9e Fran\u00e7ais se mobilisent aujourd\u2019hui pour identifier le ou les m\u00e9c\u00e8nes les plus susceptibles de porter ce projet avec le D\u00e9partement de l\u2019Essonne. Leur connaissance du dossier et leur disponibilit\u00e9, mais aussi leur objet d\u00e9crit dans leurs statuts respectifs, en font des interlocuteurs soucieux de faciliter le mieux possible la r\u00e9alisation de...Lire la suite Lire la suite\" \/>\n<meta property=\"og:url\" content=\"https:\/\/mecenat-musee-photo.org\/?page_id=10\" \/>\n<meta property=\"og:site_name\" content=\"M\u00e9c\u00e9nat du Mus\u00e9e Fran\u00e7ais de La Photographie de Bi\u00e8vres\" \/>\n<meta property=\"article:modified_time\" content=\"2023-10-18T15:23:57+00:00\" \/>\n<meta name=\"twitter:card\" content=\"summary_large_image\" \/>\n<meta name=\"twitter:label1\" content=\"Dur\u00e9e de lecture estim\u00e9e\" \/>\n\t<meta name=\"twitter:data1\" content=\"1 minute\" \/>\n<script type=\"application\/ld+json\" class=\"yoast-schema-graph\">{\"@context\":\"https:\/\/schema.org\",\"@graph\":[{\"@type\":\"WebPage\",\"@id\":\"https:\/\/mecenat-musee-photo.org\/?page_id=10\",\"url\":\"https:\/\/mecenat-musee-photo.org\/?page_id=10\",\"name\":\"Les Acteurs - M\u00e9c\u00e9nat du Mus\u00e9e Fran\u00e7ais de La Photographie de Bi\u00e8vres\",\"isPartOf\":{\"@id\":\"https:\/\/mecenat-musee-photo.org\/#website\"},\"datePublished\":\"2023-09-26T14:24:38+00:00\",\"dateModified\":\"2023-10-18T15:23:57+00:00\",\"breadcrumb\":{\"@id\":\"https:\/\/mecenat-musee-photo.org\/?page_id=10#breadcrumb\"},\"inLanguage\":\"fr-FR\",\"potentialAction\":[{\"@type\":\"ReadAction\",\"target\":[\"https:\/\/mecenat-musee-photo.org\/?page_id=10\"]}]},{\"@type\":\"BreadcrumbList\",\"@id\":\"https:\/\/mecenat-musee-photo.org\/?page_id=10#breadcrumb\",\"itemListElement\":[{\"@type\":\"ListItem\",\"position\":1,\"name\":\"Accueil\",\"item\":\"https:\/\/mecenat-musee-photo.org\/\"},{\"@type\":\"ListItem\",\"position\":2,\"name\":\"Les Acteurs\"}]},{\"@type\":\"WebSite\",\"@id\":\"https:\/\/mecenat-musee-photo.org\/#website\",\"url\":\"https:\/\/mecenat-musee-photo.org\/\",\"name\":\"M\u00e9c\u00e9nat du Mus\u00e9e Fran\u00e7ais de La Photographie de Bi\u00e8vres\",\"description\":\"Pour que l&#039;Image perdure !\",\"alternateName\":\"M\u00e9c\u00e9nat - MFPB\",\"potentialAction\":[{\"@type\":\"SearchAction\",\"target\":{\"@type\":\"EntryPoint\",\"urlTemplate\":\"https:\/\/mecenat-musee-photo.org\/?s={search_term_string}\"},\"query-input\":\"required name=search_term_string\"}],\"inLanguage\":\"fr-FR\"}]}<\/script>\n<!-- \/ Yoast SEO plugin. -->","yoast_head_json":{"title":"Les Acteurs - M\u00e9c\u00e9nat du Mus\u00e9e Fran\u00e7ais de La Photographie de Bi\u00e8vres","robots":{"index":"index","follow":"follow","max-snippet":"max-snippet:-1","max-image-preview":"max-image-preview:large","max-video-preview":"max-video-preview:-1"},"canonical":"https:\/\/mecenat-musee-photo.org\/?page_id=10","og_locale":"fr_FR","og_type":"article","og_title":"Les Acteurs - M\u00e9c\u00e9nat du Mus\u00e9e Fran\u00e7ais de La Photographie de Bi\u00e8vres","og_description":"Cr\u00e9\u00e9es au d\u00e9but des ann\u00e9es 1960 par les fondateurs du Mus\u00e9e, Jean et Andr\u00e9 Fage, les associations \u00ab&nbsp;s\u0153urs&nbsp;\u00bb du Mus\u00e9e Fran\u00e7ais de la Photographie et des Amis du Mus\u00e9e Fran\u00e7ais se mobilisent aujourd\u2019hui pour identifier le ou les m\u00e9c\u00e8nes les plus susceptibles de porter ce projet avec le D\u00e9partement de l\u2019Essonne. Leur connaissance du dossier et leur disponibilit\u00e9, mais aussi leur objet d\u00e9crit dans leurs statuts respectifs, en font des interlocuteurs soucieux de faciliter le mieux possible la r\u00e9alisation de...Lire la suite Lire la suite","og_url":"https:\/\/mecenat-musee-photo.org\/?page_id=10","og_site_name":"M\u00e9c\u00e9nat du Mus\u00e9e Fran\u00e7ais de La Photographie de Bi\u00e8vres","article_modified_time":"2023-10-18T15:23:57+00:00","twitter_card":"summary_large_image","twitter_misc":{"Dur\u00e9e de lecture estim\u00e9e":"1 minute"},"schema":{"@context":"https:\/\/schema.org","@graph":[{"@type":"WebPage","@id":"https:\/\/mecenat-musee-photo.org\/?page_id=10","url":"https:\/\/mecenat-musee-photo.org\/?page_id=10","name":"Les Acteurs - M\u00e9c\u00e9nat du Mus\u00e9e Fran\u00e7ais de La Photographie de Bi\u00e8vres","isPartOf":{"@id":"https:\/\/mecenat-musee-photo.org\/#website"},"datePublished":"2023-09-26T14:24:38+00:00","dateModified":"2023-10-18T15:23:57+00:00","breadcrumb":{"@id":"https:\/\/mecenat-musee-photo.org\/?page_id=10#breadcrumb"},"inLanguage":"fr-FR","potentialAction":[{"@type":"ReadAction","target":["https:\/\/mecenat-musee-photo.org\/?page_id=10"]}]},{"@type":"BreadcrumbList","@id":"https:\/\/mecenat-musee-photo.org\/?page_id=10#breadcrumb","itemListElement":[{"@type":"ListItem","position":1,"name":"Accueil","item":"https:\/\/mecenat-musee-photo.org\/"},{"@type":"ListItem","position":2,"name":"Les Acteurs"}]},{"@type":"WebSite","@id":"https:\/\/mecenat-musee-photo.org\/#website","url":"https:\/\/mecenat-musee-photo.org\/","name":"M\u00e9c\u00e9nat du Mus\u00e9e Fran\u00e7ais de La Photographie de Bi\u00e8vres","description":"Pour que l&#039;Image perdure !","alternateName":"M\u00e9c\u00e9nat - MFPB","potentialAction":[{"@type":"SearchAction","target":{"@type":"EntryPoint","urlTemplate":"https:\/\/mecenat-musee-photo.org\/?s={search_term_string}"},"query-input":"required name=search_term_string"}],"inLanguage":"fr-FR"}]}},"jetpack_sharing_enabled":true,"_links":{"self":[{"href":"https:\/\/mecenat-musee-photo.org\/index.php?rest_route=\/wp\/v2\/pages\/10","targetHints":{"allow":["GET"]}}],"collection":[{"href":"https:\/\/mecenat-musee-photo.org\/index.php?rest_route=\/wp\/v2\/pages"}],"about":[{"href":"https:\/\/mecenat-musee-photo.org\/index.php?rest_route=\/wp\/v2\/types\/page"}],"author":[{"embeddable":true,"href":"https:\/\/mecenat-musee-photo.org\/index.php?rest_route=\/wp\/v2\/users\/1"}],"replies":[{"embeddable":true,"href":"https:\/\/mecenat-musee-photo.org\/index.php?rest_route=%2Fwp%2Fv2%2Fcomments&post=10"}],"version-history":[{"count":3,"href":"https:\/\/mecenat-musee-photo.org\/index.php?rest_route=\/wp\/v2\/pages\/10\/revisions"}],"predecessor-version":[{"id":243,"href":"https:\/\/mecenat-musee-photo.org\/index.php?rest_route=\/wp\/v2\/pages\/10\/revisions\/243"}],"wp:attachment":[{"href":"https:\/\/mecenat-musee-photo.org\/index.php?rest_route=%2Fwp%2Fv2%2Fmedia&parent=10"}],"curies":[{"name":"wp","href":"https:\/\/api.w.org\/{rel}","templated":true}]}}