{"id":18,"date":"2023-09-26T16:26:22","date_gmt":"2023-09-26T14:26:22","guid":{"rendered":"http:\/\/mecenat-musee-photo.org\/?page_id=18"},"modified":"2023-10-26T10:49:17","modified_gmt":"2023-10-26T08:49:17","slug":"a-la-une","status":"publish","type":"page","link":"https:\/\/mecenat-musee-photo.org\/?page_id=18","title":{"rendered":"A La Une !"},"content":{"rendered":"\n<p>Vous retrouvez dans la rubrique \u00ab\u00a0<a href=\"http:\/\/mecenat-musee-photo.org\/?page_id=42\">Ils nous soutiennent !<\/a>\u00a0\u00bb les messages de soutien et d\u2019int\u00e9r\u00eat pour ce projet de Mus\u00e9e de la Photographie.<\/p>\n\n\n\n<hr class=\"wp-block-separator has-alpha-channel-opacity\"\/>\n\n\n\n<p>Dans la rubrique \u00ab\u00a0<a href=\"http:\/\/mecenat-musee-photo.org\/?page_id=44\" data-type=\"page\" data-id=\"44\">Au hasard des collections du Mus\u00e9e<\/a>\u00a0\u00bb  vous pr\u00e9sentons quelques-unes des pi\u00e8ces de la collection du Mus\u00e9e comment\u00e9es ou remises dans leur contexte original par les membres de nos associations. <\/p>\n\n\n\n<p>Gardez un \u0153il sur cette rubrique qui continuera \u00e0 s\u2019enrichir de nouvelles contributions au fil du temps.<\/p>\n\n\n\n<hr class=\"wp-block-separator has-alpha-channel-opacity\"\/>\n\n\n\n<p>La rubrique \u00ab\u00a0<a href=\"http:\/\/mecenat-musee-photo.org\/?page_id=46\" data-type=\"page\" data-id=\"46\">Activit\u00e9s et revue de presse<\/a>\u00a0\u00bb rapporte les \u00e9v\u00e8nements et faits marquants autour du projet ainsi que les articles de presse qui lui ont \u00e9t\u00e9 consacr\u00e9s.<\/p>\n\n\n\n<blockquote class=\"wp-block-quote is-layout-flow wp-block-quote-is-layout-flow\">\n<p><a href=\"http:\/\/mecenat-musee-photo.org\/?page_id=42\">Ils nous soutiennent !<\/a><br><a href=\"http:\/\/mecenat-musee-photo.org\/?page_id=44\" data-type=\"page\" data-id=\"44\">Au hasard des collections du Mus\u00e9e<\/a><br><a href=\"http:\/\/mecenat-musee-photo.org\/?page_id=46\" data-type=\"page\" data-id=\"46\">Activit\u00e9s et revue de presse<\/a><\/p>\n<\/blockquote>\n","protected":false},"excerpt":{"rendered":"<p>Vous retrouvez dans la rubrique \u00ab\u00a0Ils nous soutiennent !\u00a0\u00bb les messages de soutien et d\u2019int\u00e9r\u00eat pour ce projet de Mus\u00e9e de la Photographie. Dans la rubrique \u00ab\u00a0Au hasard des collections du Mus\u00e9e\u00a0\u00bb vous pr\u00e9sentons quelques-unes des pi\u00e8ces de la collection du Mus\u00e9e comment\u00e9es ou remises dans leur contexte original par les membres de nos associations. Gardez un \u0153il sur cette rubrique qui continuera \u00e0 s\u2019enrichir de nouvelles contributions au fil du temps. La rubrique \u00ab\u00a0Activit\u00e9s et revue de presse\u00a0\u00bb rapporte&#8230;<\/p>\n<p class=\"read-more\"><a class=\"btn btn-default\" href=\"https:\/\/mecenat-musee-photo.org\/?page_id=18\">Lire la suite<span class=\"screen-reader-text\"> Lire la suite<\/span><\/a><\/p>\n","protected":false},"author":1,"featured_media":0,"parent":0,"menu_order":0,"comment_status":"closed","ping_status":"closed","template":"","meta":{"jetpack_post_was_ever_published":false,"footnotes":""},"class_list":["post-18","page","type-page","status-publish","hentry"],"yoast_head":"<!-- This site is optimized with the Yoast SEO plugin v21.5 - https:\/\/yoast.com\/wordpress\/plugins\/seo\/ -->\n<title>A La Une ! - M\u00e9c\u00e9nat du Mus\u00e9e Fran\u00e7ais de La Photographie de Bi\u00e8vres<\/title>\n<meta name=\"robots\" content=\"index, follow, max-snippet:-1, max-image-preview:large, max-video-preview:-1\" \/>\n<link rel=\"canonical\" href=\"https:\/\/mecenat-musee-photo.org\/?page_id=18\" \/>\n<meta property=\"og:locale\" content=\"fr_FR\" \/>\n<meta property=\"og:type\" content=\"article\" \/>\n<meta property=\"og:title\" content=\"A La Une ! - M\u00e9c\u00e9nat du Mus\u00e9e Fran\u00e7ais de La Photographie de Bi\u00e8vres\" \/>\n<meta property=\"og:description\" content=\"Vous retrouvez dans la rubrique \u00ab\u00a0Ils nous soutiennent !\u00a0\u00bb les messages de soutien et d\u2019int\u00e9r\u00eat pour ce projet de Mus\u00e9e de la Photographie. Dans la rubrique \u00ab\u00a0Au hasard des collections du Mus\u00e9e\u00a0\u00bb vous pr\u00e9sentons quelques-unes des pi\u00e8ces de la collection du Mus\u00e9e comment\u00e9es ou remises dans leur contexte original par les membres de nos associations. Gardez un \u0153il sur cette rubrique qui continuera \u00e0 s\u2019enrichir de nouvelles contributions au fil du temps. La rubrique \u00ab\u00a0Activit\u00e9s et revue de presse\u00a0\u00bb rapporte...Lire la suite Lire la suite\" \/>\n<meta property=\"og:url\" content=\"https:\/\/mecenat-musee-photo.org\/?page_id=18\" \/>\n<meta property=\"og:site_name\" content=\"M\u00e9c\u00e9nat du Mus\u00e9e Fran\u00e7ais de La Photographie de Bi\u00e8vres\" \/>\n<meta property=\"article:modified_time\" content=\"2023-10-26T08:49:17+00:00\" \/>\n<meta name=\"twitter:card\" content=\"summary_large_image\" \/>\n<meta name=\"twitter:label1\" content=\"Dur\u00e9e de lecture estim\u00e9e\" \/>\n\t<meta name=\"twitter:data1\" content=\"1 minute\" \/>\n<script type=\"application\/ld+json\" class=\"yoast-schema-graph\">{\"@context\":\"https:\/\/schema.org\",\"@graph\":[{\"@type\":\"WebPage\",\"@id\":\"https:\/\/mecenat-musee-photo.org\/?page_id=18\",\"url\":\"https:\/\/mecenat-musee-photo.org\/?page_id=18\",\"name\":\"A La Une ! - M\u00e9c\u00e9nat du Mus\u00e9e Fran\u00e7ais de La Photographie de Bi\u00e8vres\",\"isPartOf\":{\"@id\":\"https:\/\/mecenat-musee-photo.org\/#website\"},\"datePublished\":\"2023-09-26T14:26:22+00:00\",\"dateModified\":\"2023-10-26T08:49:17+00:00\",\"breadcrumb\":{\"@id\":\"https:\/\/mecenat-musee-photo.org\/?page_id=18#breadcrumb\"},\"inLanguage\":\"fr-FR\",\"potentialAction\":[{\"@type\":\"ReadAction\",\"target\":[\"https:\/\/mecenat-musee-photo.org\/?page_id=18\"]}]},{\"@type\":\"BreadcrumbList\",\"@id\":\"https:\/\/mecenat-musee-photo.org\/?page_id=18#breadcrumb\",\"itemListElement\":[{\"@type\":\"ListItem\",\"position\":1,\"name\":\"Accueil\",\"item\":\"https:\/\/mecenat-musee-photo.org\/\"},{\"@type\":\"ListItem\",\"position\":2,\"name\":\"A La Une !\"}]},{\"@type\":\"WebSite\",\"@id\":\"https:\/\/mecenat-musee-photo.org\/#website\",\"url\":\"https:\/\/mecenat-musee-photo.org\/\",\"name\":\"M\u00e9c\u00e9nat du Mus\u00e9e Fran\u00e7ais de La Photographie de Bi\u00e8vres\",\"description\":\"Pour que l&#039;Image perdure !\",\"alternateName\":\"M\u00e9c\u00e9nat - MFPB\",\"potentialAction\":[{\"@type\":\"SearchAction\",\"target\":{\"@type\":\"EntryPoint\",\"urlTemplate\":\"https:\/\/mecenat-musee-photo.org\/?s={search_term_string}\"},\"query-input\":\"required name=search_term_string\"}],\"inLanguage\":\"fr-FR\"}]}<\/script>\n<!-- \/ Yoast SEO plugin. -->","yoast_head_json":{"title":"A La Une ! - M\u00e9c\u00e9nat du Mus\u00e9e Fran\u00e7ais de La Photographie de Bi\u00e8vres","robots":{"index":"index","follow":"follow","max-snippet":"max-snippet:-1","max-image-preview":"max-image-preview:large","max-video-preview":"max-video-preview:-1"},"canonical":"https:\/\/mecenat-musee-photo.org\/?page_id=18","og_locale":"fr_FR","og_type":"article","og_title":"A La Une ! - M\u00e9c\u00e9nat du Mus\u00e9e Fran\u00e7ais de La Photographie de Bi\u00e8vres","og_description":"Vous retrouvez dans la rubrique \u00ab\u00a0Ils nous soutiennent !\u00a0\u00bb les messages de soutien et d\u2019int\u00e9r\u00eat pour ce projet de Mus\u00e9e de la Photographie. Dans la rubrique \u00ab\u00a0Au hasard des collections du Mus\u00e9e\u00a0\u00bb vous pr\u00e9sentons quelques-unes des pi\u00e8ces de la collection du Mus\u00e9e comment\u00e9es ou remises dans leur contexte original par les membres de nos associations. Gardez un \u0153il sur cette rubrique qui continuera \u00e0 s\u2019enrichir de nouvelles contributions au fil du temps. La rubrique \u00ab\u00a0Activit\u00e9s et revue de presse\u00a0\u00bb rapporte...Lire la suite Lire la suite","og_url":"https:\/\/mecenat-musee-photo.org\/?page_id=18","og_site_name":"M\u00e9c\u00e9nat du Mus\u00e9e Fran\u00e7ais de La Photographie de Bi\u00e8vres","article_modified_time":"2023-10-26T08:49:17+00:00","twitter_card":"summary_large_image","twitter_misc":{"Dur\u00e9e de lecture estim\u00e9e":"1 minute"},"schema":{"@context":"https:\/\/schema.org","@graph":[{"@type":"WebPage","@id":"https:\/\/mecenat-musee-photo.org\/?page_id=18","url":"https:\/\/mecenat-musee-photo.org\/?page_id=18","name":"A La Une ! - M\u00e9c\u00e9nat du Mus\u00e9e Fran\u00e7ais de La Photographie de Bi\u00e8vres","isPartOf":{"@id":"https:\/\/mecenat-musee-photo.org\/#website"},"datePublished":"2023-09-26T14:26:22+00:00","dateModified":"2023-10-26T08:49:17+00:00","breadcrumb":{"@id":"https:\/\/mecenat-musee-photo.org\/?page_id=18#breadcrumb"},"inLanguage":"fr-FR","potentialAction":[{"@type":"ReadAction","target":["https:\/\/mecenat-musee-photo.org\/?page_id=18"]}]},{"@type":"BreadcrumbList","@id":"https:\/\/mecenat-musee-photo.org\/?page_id=18#breadcrumb","itemListElement":[{"@type":"ListItem","position":1,"name":"Accueil","item":"https:\/\/mecenat-musee-photo.org\/"},{"@type":"ListItem","position":2,"name":"A La Une !"}]},{"@type":"WebSite","@id":"https:\/\/mecenat-musee-photo.org\/#website","url":"https:\/\/mecenat-musee-photo.org\/","name":"M\u00e9c\u00e9nat du Mus\u00e9e Fran\u00e7ais de La Photographie de Bi\u00e8vres","description":"Pour que l&#039;Image perdure !","alternateName":"M\u00e9c\u00e9nat - MFPB","potentialAction":[{"@type":"SearchAction","target":{"@type":"EntryPoint","urlTemplate":"https:\/\/mecenat-musee-photo.org\/?s={search_term_string}"},"query-input":"required name=search_term_string"}],"inLanguage":"fr-FR"}]}},"jetpack_sharing_enabled":true,"_links":{"self":[{"href":"https:\/\/mecenat-musee-photo.org\/index.php?rest_route=\/wp\/v2\/pages\/18","targetHints":{"allow":["GET"]}}],"collection":[{"href":"https:\/\/mecenat-musee-photo.org\/index.php?rest_route=\/wp\/v2\/pages"}],"about":[{"href":"https:\/\/mecenat-musee-photo.org\/index.php?rest_route=\/wp\/v2\/types\/page"}],"author":[{"embeddable":true,"href":"https:\/\/mecenat-musee-photo.org\/index.php?rest_route=\/wp\/v2\/users\/1"}],"replies":[{"embeddable":true,"href":"https:\/\/mecenat-musee-photo.org\/index.php?rest_route=%2Fwp%2Fv2%2Fcomments&post=18"}],"version-history":[{"count":3,"href":"https:\/\/mecenat-musee-photo.org\/index.php?rest_route=\/wp\/v2\/pages\/18\/revisions"}],"predecessor-version":[{"id":265,"href":"https:\/\/mecenat-musee-photo.org\/index.php?rest_route=\/wp\/v2\/pages\/18\/revisions\/265"}],"wp:attachment":[{"href":"https:\/\/mecenat-musee-photo.org\/index.php?rest_route=%2Fwp%2Fv2%2Fmedia&parent=18"}],"curies":[{"name":"wp","href":"https:\/\/api.w.org\/{rel}","templated":true}]}}