{"id":20,"date":"2023-09-26T16:27:48","date_gmt":"2023-09-26T14:27:48","guid":{"rendered":"http:\/\/mecenat-musee-photo.org\/?page_id=20"},"modified":"2023-10-18T17:27:33","modified_gmt":"2023-10-18T15:27:33","slug":"pourquoi-le-mecenat","status":"publish","type":"page","link":"https:\/\/mecenat-musee-photo.org\/?page_id=20","title":{"rendered":"Pourquoi Le M\u00e9c\u00e9nat ?"},"content":{"rendered":"\n<p>Le D\u00e9partement de l\u2019Essonne, amen\u00e9 \u00e0 des restrictions budg\u00e9taires comme beaucoup de collectivit\u00e9s territoriales actuellement, n\u2019est pas en mesure d\u2019engager les ressources n\u00e9cessaires pour l\u2019\u00e9dification d\u2019un nouveau b\u00e2timent destin\u00e9 \u00e0 accueillir <a href=\"http:\/\/mecenat-musee-photo.org\/?page_id=12\" data-type=\"page\" data-id=\"12\">les collections du Mus\u00e9e Fran\u00e7ais de la Photographie<\/a>.<\/p>\n\n\n\n<p>Conscient que lesdites collections, consid\u00e9r\u00e9es par des experts internationaux comme exceptionnelles, sont d\u2019un int\u00e9r\u00eat majeur pour expliquer l\u2019histoire de la photographie, depuis ses origines, au public le plus large et le plus international, il a d\u00e9cid\u00e9 de s\u2019ouvrir \u00e0 un partenariat sur la base du m\u00e9c\u00e9nat pour r\u00e9aliser un projet de mus\u00e9e moderne et attractif.<\/p>\n\n\n\n<p><em>\u00c0 noter&nbsp;: le mus\u00e9e a re\u00e7u, du Minist\u00e8re de la Culture, l\u2019appellation \u00ab&nbsp;Mus\u00e9e de France&nbsp;\u00bb qui confirme l\u2019inali\u00e9nabilit\u00e9 de ses collections.<\/em><\/p>\n\n\n\n<p><a href=\"http:\/\/mecenat-musee-photo.org\/?page_id=8\" data-type=\"page\" data-id=\"8\"><strong><em>Revenir \u00e0 \u00ab\u00a0Le Projet !\u00a0\u00bb<\/em><\/strong><\/a><\/p>\n","protected":false},"excerpt":{"rendered":"<p>Le D\u00e9partement de l\u2019Essonne, amen\u00e9 \u00e0 des restrictions budg\u00e9taires comme beaucoup de collectivit\u00e9s territoriales actuellement, n\u2019est pas en mesure d\u2019engager les ressources n\u00e9cessaires pour l\u2019\u00e9dification d\u2019un nouveau b\u00e2timent destin\u00e9 \u00e0 accueillir les collections du Mus\u00e9e Fran\u00e7ais de la Photographie. Conscient que lesdites collections, consid\u00e9r\u00e9es par des experts internationaux comme exceptionnelles, sont d\u2019un int\u00e9r\u00eat majeur pour expliquer l\u2019histoire de la photographie, depuis ses origines, au public le plus large et le plus international, il a d\u00e9cid\u00e9 de s\u2019ouvrir \u00e0 un partenariat&#8230;<\/p>\n<p class=\"read-more\"><a class=\"btn btn-default\" href=\"https:\/\/mecenat-musee-photo.org\/?page_id=20\">Lire la suite<span class=\"screen-reader-text\"> Lire la suite<\/span><\/a><\/p>\n","protected":false},"author":1,"featured_media":0,"parent":8,"menu_order":0,"comment_status":"closed","ping_status":"closed","template":"","meta":{"jetpack_post_was_ever_published":false,"footnotes":""},"class_list":["post-20","page","type-page","status-publish","hentry"],"yoast_head":"<!-- This site is optimized with the Yoast SEO plugin v21.5 - https:\/\/yoast.com\/wordpress\/plugins\/seo\/ -->\n<title>Pourquoi Le M\u00e9c\u00e9nat ? - M\u00e9c\u00e9nat du Mus\u00e9e Fran\u00e7ais de La Photographie de Bi\u00e8vres<\/title>\n<meta name=\"robots\" content=\"index, follow, max-snippet:-1, max-image-preview:large, max-video-preview:-1\" \/>\n<link rel=\"canonical\" href=\"https:\/\/mecenat-musee-photo.org\/?page_id=20\" \/>\n<meta property=\"og:locale\" content=\"fr_FR\" \/>\n<meta property=\"og:type\" content=\"article\" \/>\n<meta property=\"og:title\" content=\"Pourquoi Le M\u00e9c\u00e9nat ? - M\u00e9c\u00e9nat du Mus\u00e9e Fran\u00e7ais de La Photographie de Bi\u00e8vres\" \/>\n<meta property=\"og:description\" content=\"Le D\u00e9partement de l\u2019Essonne, amen\u00e9 \u00e0 des restrictions budg\u00e9taires comme beaucoup de collectivit\u00e9s territoriales actuellement, n\u2019est pas en mesure d\u2019engager les ressources n\u00e9cessaires pour l\u2019\u00e9dification d\u2019un nouveau b\u00e2timent destin\u00e9 \u00e0 accueillir les collections du Mus\u00e9e Fran\u00e7ais de la Photographie. Conscient que lesdites collections, consid\u00e9r\u00e9es par des experts internationaux comme exceptionnelles, sont d\u2019un int\u00e9r\u00eat majeur pour expliquer l\u2019histoire de la photographie, depuis ses origines, au public le plus large et le plus international, il a d\u00e9cid\u00e9 de s\u2019ouvrir \u00e0 un partenariat...Lire la suite Lire la suite\" \/>\n<meta property=\"og:url\" content=\"https:\/\/mecenat-musee-photo.org\/?page_id=20\" \/>\n<meta property=\"og:site_name\" content=\"M\u00e9c\u00e9nat du Mus\u00e9e Fran\u00e7ais de La Photographie de Bi\u00e8vres\" \/>\n<meta property=\"article:modified_time\" content=\"2023-10-18T15:27:33+00:00\" \/>\n<meta name=\"twitter:card\" content=\"summary_large_image\" \/>\n<meta name=\"twitter:label1\" content=\"Dur\u00e9e de lecture estim\u00e9e\" \/>\n\t<meta name=\"twitter:data1\" content=\"1 minute\" \/>\n<script type=\"application\/ld+json\" class=\"yoast-schema-graph\">{\"@context\":\"https:\/\/schema.org\",\"@graph\":[{\"@type\":\"WebPage\",\"@id\":\"https:\/\/mecenat-musee-photo.org\/?page_id=20\",\"url\":\"https:\/\/mecenat-musee-photo.org\/?page_id=20\",\"name\":\"Pourquoi Le M\u00e9c\u00e9nat ? - M\u00e9c\u00e9nat du Mus\u00e9e Fran\u00e7ais de La Photographie de Bi\u00e8vres\",\"isPartOf\":{\"@id\":\"https:\/\/mecenat-musee-photo.org\/#website\"},\"datePublished\":\"2023-09-26T14:27:48+00:00\",\"dateModified\":\"2023-10-18T15:27:33+00:00\",\"breadcrumb\":{\"@id\":\"https:\/\/mecenat-musee-photo.org\/?page_id=20#breadcrumb\"},\"inLanguage\":\"fr-FR\",\"potentialAction\":[{\"@type\":\"ReadAction\",\"target\":[\"https:\/\/mecenat-musee-photo.org\/?page_id=20\"]}]},{\"@type\":\"BreadcrumbList\",\"@id\":\"https:\/\/mecenat-musee-photo.org\/?page_id=20#breadcrumb\",\"itemListElement\":[{\"@type\":\"ListItem\",\"position\":1,\"name\":\"Accueil\",\"item\":\"https:\/\/mecenat-musee-photo.org\/\"},{\"@type\":\"ListItem\",\"position\":2,\"name\":\"Le Projet\",\"item\":\"https:\/\/mecenat-musee-photo.org\/?page_id=8\"},{\"@type\":\"ListItem\",\"position\":3,\"name\":\"Pourquoi Le M\u00e9c\u00e9nat ?\"}]},{\"@type\":\"WebSite\",\"@id\":\"https:\/\/mecenat-musee-photo.org\/#website\",\"url\":\"https:\/\/mecenat-musee-photo.org\/\",\"name\":\"M\u00e9c\u00e9nat du Mus\u00e9e Fran\u00e7ais de La Photographie de Bi\u00e8vres\",\"description\":\"Pour que l&#039;Image perdure !\",\"alternateName\":\"M\u00e9c\u00e9nat - MFPB\",\"potentialAction\":[{\"@type\":\"SearchAction\",\"target\":{\"@type\":\"EntryPoint\",\"urlTemplate\":\"https:\/\/mecenat-musee-photo.org\/?s={search_term_string}\"},\"query-input\":\"required name=search_term_string\"}],\"inLanguage\":\"fr-FR\"}]}<\/script>\n<!-- \/ Yoast SEO plugin. -->","yoast_head_json":{"title":"Pourquoi Le M\u00e9c\u00e9nat ? - M\u00e9c\u00e9nat du Mus\u00e9e Fran\u00e7ais de La Photographie de Bi\u00e8vres","robots":{"index":"index","follow":"follow","max-snippet":"max-snippet:-1","max-image-preview":"max-image-preview:large","max-video-preview":"max-video-preview:-1"},"canonical":"https:\/\/mecenat-musee-photo.org\/?page_id=20","og_locale":"fr_FR","og_type":"article","og_title":"Pourquoi Le M\u00e9c\u00e9nat ? - M\u00e9c\u00e9nat du Mus\u00e9e Fran\u00e7ais de La Photographie de Bi\u00e8vres","og_description":"Le D\u00e9partement de l\u2019Essonne, amen\u00e9 \u00e0 des restrictions budg\u00e9taires comme beaucoup de collectivit\u00e9s territoriales actuellement, n\u2019est pas en mesure d\u2019engager les ressources n\u00e9cessaires pour l\u2019\u00e9dification d\u2019un nouveau b\u00e2timent destin\u00e9 \u00e0 accueillir les collections du Mus\u00e9e Fran\u00e7ais de la Photographie. Conscient que lesdites collections, consid\u00e9r\u00e9es par des experts internationaux comme exceptionnelles, sont d\u2019un int\u00e9r\u00eat majeur pour expliquer l\u2019histoire de la photographie, depuis ses origines, au public le plus large et le plus international, il a d\u00e9cid\u00e9 de s\u2019ouvrir \u00e0 un partenariat...Lire la suite Lire la suite","og_url":"https:\/\/mecenat-musee-photo.org\/?page_id=20","og_site_name":"M\u00e9c\u00e9nat du Mus\u00e9e Fran\u00e7ais de La Photographie de Bi\u00e8vres","article_modified_time":"2023-10-18T15:27:33+00:00","twitter_card":"summary_large_image","twitter_misc":{"Dur\u00e9e de lecture estim\u00e9e":"1 minute"},"schema":{"@context":"https:\/\/schema.org","@graph":[{"@type":"WebPage","@id":"https:\/\/mecenat-musee-photo.org\/?page_id=20","url":"https:\/\/mecenat-musee-photo.org\/?page_id=20","name":"Pourquoi Le M\u00e9c\u00e9nat ? - M\u00e9c\u00e9nat du Mus\u00e9e Fran\u00e7ais de La Photographie de Bi\u00e8vres","isPartOf":{"@id":"https:\/\/mecenat-musee-photo.org\/#website"},"datePublished":"2023-09-26T14:27:48+00:00","dateModified":"2023-10-18T15:27:33+00:00","breadcrumb":{"@id":"https:\/\/mecenat-musee-photo.org\/?page_id=20#breadcrumb"},"inLanguage":"fr-FR","potentialAction":[{"@type":"ReadAction","target":["https:\/\/mecenat-musee-photo.org\/?page_id=20"]}]},{"@type":"BreadcrumbList","@id":"https:\/\/mecenat-musee-photo.org\/?page_id=20#breadcrumb","itemListElement":[{"@type":"ListItem","position":1,"name":"Accueil","item":"https:\/\/mecenat-musee-photo.org\/"},{"@type":"ListItem","position":2,"name":"Le Projet","item":"https:\/\/mecenat-musee-photo.org\/?page_id=8"},{"@type":"ListItem","position":3,"name":"Pourquoi Le M\u00e9c\u00e9nat ?"}]},{"@type":"WebSite","@id":"https:\/\/mecenat-musee-photo.org\/#website","url":"https:\/\/mecenat-musee-photo.org\/","name":"M\u00e9c\u00e9nat du Mus\u00e9e Fran\u00e7ais de La Photographie de Bi\u00e8vres","description":"Pour que l&#039;Image perdure !","alternateName":"M\u00e9c\u00e9nat - MFPB","potentialAction":[{"@type":"SearchAction","target":{"@type":"EntryPoint","urlTemplate":"https:\/\/mecenat-musee-photo.org\/?s={search_term_string}"},"query-input":"required name=search_term_string"}],"inLanguage":"fr-FR"}]}},"jetpack_sharing_enabled":true,"_links":{"self":[{"href":"https:\/\/mecenat-musee-photo.org\/index.php?rest_route=\/wp\/v2\/pages\/20","targetHints":{"allow":["GET"]}}],"collection":[{"href":"https:\/\/mecenat-musee-photo.org\/index.php?rest_route=\/wp\/v2\/pages"}],"about":[{"href":"https:\/\/mecenat-musee-photo.org\/index.php?rest_route=\/wp\/v2\/types\/page"}],"author":[{"embeddable":true,"href":"https:\/\/mecenat-musee-photo.org\/index.php?rest_route=\/wp\/v2\/users\/1"}],"replies":[{"embeddable":true,"href":"https:\/\/mecenat-musee-photo.org\/index.php?rest_route=%2Fwp%2Fv2%2Fcomments&post=20"}],"version-history":[{"count":5,"href":"https:\/\/mecenat-musee-photo.org\/index.php?rest_route=\/wp\/v2\/pages\/20\/revisions"}],"predecessor-version":[{"id":248,"href":"https:\/\/mecenat-musee-photo.org\/index.php?rest_route=\/wp\/v2\/pages\/20\/revisions\/248"}],"up":[{"embeddable":true,"href":"https:\/\/mecenat-musee-photo.org\/index.php?rest_route=\/wp\/v2\/pages\/8"}],"wp:attachment":[{"href":"https:\/\/mecenat-musee-photo.org\/index.php?rest_route=%2Fwp%2Fv2%2Fmedia&parent=20"}],"curies":[{"name":"wp","href":"https:\/\/api.w.org\/{rel}","templated":true}]}}