{"id":28,"date":"2023-09-26T16:30:23","date_gmt":"2023-09-26T14:30:23","guid":{"rendered":"http:\/\/mecenat-musee-photo.org\/?page_id=28"},"modified":"2023-11-03T13:53:18","modified_gmt":"2023-11-03T12:53:18","slug":"lorigine-des-collections","status":"publish","type":"page","link":"https:\/\/mecenat-musee-photo.org\/?page_id=28","title":{"rendered":"L&rsquo;Origine Des Collections"},"content":{"rendered":"\n<h2 class=\"wp-block-heading\"><strong>Ce que pensent plusieurs experts de la collection du mus\u00e9e fran\u00e7ais de la photographie<\/strong><\/h2>\n\n\n\n<p>Depuis des d\u00e9cennies, la collection du mus\u00e9e de Bi\u00e8vres fait beaucoup parler d\u2019elle. Mais qui la connait vraiment \u00e0 part les collaborateurs qui la g\u00e8rent&nbsp;?<\/p>\n\n\n\n<p>Elle est le reflet de ce que <strong>Jean FAGE<\/strong> a toujours voulu depuis la cr\u00e9ation&nbsp;: associer les images et les mat\u00e9riels photographiques.<\/p>\n\n\n\n<p>De ce point de vue, elle est exceptionnelle car l\u2019une des rares \u00e0 permettre cette association de la technique et de l\u2019artistique pour avoir une vue d\u2019ensemble.<\/p>\n\n\n\n<p>Pr\u00e8s de un million d\u2019images de tous formats, embrassant les sujets les plus divers, provenant d\u2019achats et de dons.<\/p>\n\n\n\n<p>Ce qu\u2019en dit <strong>Julie CORTEVILLE<\/strong>, ancienne conservatrice en chef du mus\u00e9e de Bi\u00e8vres&nbsp;:<\/p>\n\n\n\n<blockquote class=\"wp-block-quote is-layout-flow wp-block-quote-is-layout-flow\">\n<p><em>\u00ab\u00a0L\u2019extr\u00eame diversit\u00e9 des collections avec ses redondances et ses lacunes retrouve toute sa coh\u00e9rence dans la probl\u00e9matique des usages et des repr\u00e9sentations. Parce que la collection recoupe toutes les techniques, tous les supports d\u2019impression, toutes les pratiques et toutes les visions de la photo, m\u00eame de fa\u00e7on partielle et in\u00e9gale, elle peut tenir un discours essentiel sur la photo, quel que soient le sujet et les attentes d\u2019un territoire, d\u2019un public ou d\u2019une institution. Le Mus\u00e9e peut donc se glisser partout dans notre soci\u00e9t\u00e9, l\u00e0 o\u00f9 on l\u2019imagine mais aussi l\u00e0 o\u00f9 on ne l\u2019attend pas. L\u2019avenir est totalement ouvert pour ce projet en devenir dont seule la destination finale reste encore inconnue\u00a0\u00bb.<\/em><\/p>\n<\/blockquote>\n\n\n\n<p>On n\u00e9glige parfois de parler de l\u2019importance de la documentation technique, modes d\u2019emploi et autres revues techniques fran\u00e7aises et \u00e9trang\u00e8res que la collection du mus\u00e9e comporte. C\u2019est pourtant un capital inestimable.<\/p>\n\n\n\n<p>Ce qu\u2019en dit <strong>Fran\u00e7oise DENOYELLE<\/strong>, Professeur des universit\u00e9s \u00e9m\u00e9rite :<\/p>\n\n\n\n<blockquote class=\"wp-block-quote is-layout-flow wp-block-quote-is-layout-flow\">\n<p><em>\u00ab\u00a0La collection de documentation technique et commerciale sur la photographie avait naturellement retenu mon attention et suscit\u00e9 bien des espoirs, les sources disponibles \u00e9tant rares. J\u2019avais toujours en t\u00eate ces belles archives souvent \u00e9voqu\u00e9es, jamais explor\u00e9es.<\/em><\/p>\n\n\n\n<p><em>Il faut aujourd\u2019hui les faire conna\u00eetre aux jeunes chercheurs, mais aussi \u00e0 un plus large public.\u00a0\u00bb<\/em><\/p>\n<\/blockquote>\n\n\n\n<p>La collection de mat\u00e9riels photographiques est tout \u00e0 fait impressionnante par sa diversit\u00e9, son importance et sa repr\u00e9sentativit\u00e9.<\/p>\n\n\n\n<p>Elle a fait l\u2019objet de recherches constantes de la part des fondateurs et de leurs successeurs, pour rassembler tout ce qui permet aujourd\u2019hui de comprendre les \u00e9volutions de la technique de prise de vue depuis la premi\u00e8re photo de Niepce jusqu\u2019\u00e0 la r\u00e9volution apparue avec l\u2019image num\u00e9rique.<\/p>\n\n\n\n<p>Ce qu\u2019en disent <strong>Jacques H\u00c9MON<\/strong>, journaliste et analyste du march\u00e9 de la photographie et <strong>R\u00e9mi CALZADA<\/strong>, Conservateur du patrimoine, directeur adjoint du mus\u00e9e fran\u00e7ais de la photographie :<\/p>\n\n\n\n<blockquote class=\"wp-block-quote is-layout-flow wp-block-quote-is-layout-flow\">\n<p><em>\u00ab\u00a0Chambre de Daguerr\u00e9otype, automate de photographie d\u2019identit\u00e9, bo\u00eete de peinture et pupitre de retouche, logiciel de traitement d\u2019image, mobilier de photographe de quartier, distributeur de films \u00e0 monnayeur, banc de reproduction industriel, appareil briquet, fond de studio en trompe l\u2019\u0153il, tireuse automatique de laboratoire, smartphone\u2026 ces pi\u00e8ces conserv\u00e9es par le mus\u00e9e fran\u00e7ais de la photographie, parmi 25 000 autres t\u00e9moignent de la diversit\u00e9 des outils photographiques qui se sont succ\u00e9d\u00e9 au cours des d\u00e9cennies et du dynamisme industriel et commercial au service d\u2019un march\u00e9 florissant, autant que la vitalit\u00e9 d\u2019un mode de cr\u00e9ation populaire.<\/em><\/p>\n\n\n\n<p><em>Cette s\u00e9lection d\u2019objets photographiques permet d\u2019\u00e9tendre le champ du photographique \u00e0 un p\u00e9rim\u00e8tre plus large que la seule production des auteurs, g\u00e9n\u00e9reusement expos\u00e9e par les institutions culturelles et les mus\u00e9es. Inclure les aspects plus triviaux du d\u00e9veloppement de la pratique photographique, li\u00e9s au consum\u00e9risme, n\u2019est d\u2019ailleurs pas pour autant faire l\u2019apologie de l\u2019opportunisme commercial des entreprises qui l\u2019ont soutenu, souvent au prix d\u2019une obsolescence technologique acc\u00e9l\u00e9r\u00e9e.\u00a0\u00bb<\/em><\/p>\n<\/blockquote>\n\n\n\n<p>Ou encore&nbsp;:<\/p>\n\n\n\n<blockquote class=\"wp-block-quote is-layout-flow wp-block-quote-is-layout-flow\">\n<p><em>\u00ab\u00a0Ainsi, dans leur grande majorit\u00e9, les objets de la collection du mus\u00e9e fran\u00e7ais de la photographie ont \u00e9t\u00e9 pens\u00e9s et fabriqu\u00e9s artisanalement ou industriellement pour r\u00e9aliser des images permettant aux uns de se souvenir, d\u2019informer, de cr\u00e9er, de communiquer, de s\u2019amuser ou de dialoguer, et aux autres\u2026. d\u2019en tirer profit&nbsp;!<\/em><\/p>\n\n\n\n<p><em>Mais le mus\u00e9e ne se limite pas \u00e0 souligner les aspects politiques, socio-\u00e9conomiques et culturels \u00e0 l\u2019\u0153uvre dans la cr\u00e9ation et les usages de ces objets techniques qui couvrent toutes les \u00e9tapes de la production photographique, de la prise de vue \u00e0 sa diffusion, en passant par sa conservation. Il met \u00e9galement en lumi\u00e8re l\u2019ing\u00e9niosit\u00e9 souvent surprenante des m\u00e9canismes, le design tr\u00e8s r\u00e9fl\u00e9chi et intemporel de certains bo\u00eetiers, et l\u2019esth\u00e9tique souvent li\u00e9e aux courants artistiques de l\u2019\u00e9poque.\u00a0\u00bb<\/em><\/p>\n<\/blockquote>\n\n\n\n<p><strong><em>Nota&nbsp;: Les citations des experts sont extraites de l\u2019ouvrage \u00ab&nbsp;Une autre histoire de la Photographie&nbsp;\u00bb co-\u00e9dit\u00e9 en 2015 par le Conseil d\u00e9partemental de l\u2019Essonne et Flammarion.<\/em><\/strong><\/p>\n\n\n\n<p><strong><a href=\"http:\/\/mecenat-musee-photo.org\/?page_id=12\" data-type=\"page\" data-id=\"12\"><em>Revenir \u00e0 \u00ab\u00a0Les Collections\u00a0\u00bb<\/em><\/a><\/strong><\/p>\n","protected":false},"excerpt":{"rendered":"<p>Ce que pensent plusieurs experts de la collection du mus\u00e9e fran\u00e7ais de la photographie Depuis des d\u00e9cennies, la collection du mus\u00e9e de Bi\u00e8vres fait beaucoup parler d\u2019elle. Mais qui la connait vraiment \u00e0 part les collaborateurs qui la g\u00e8rent&nbsp;? Elle est le reflet de ce que Jean FAGE a toujours voulu depuis la cr\u00e9ation&nbsp;: associer les images et les mat\u00e9riels photographiques. De ce point de vue, elle est exceptionnelle car l\u2019une des rares \u00e0 permettre cette association de la technique&#8230;<\/p>\n<p class=\"read-more\"><a class=\"btn btn-default\" href=\"https:\/\/mecenat-musee-photo.org\/?page_id=28\">Lire la suite<span class=\"screen-reader-text\"> Lire la suite<\/span><\/a><\/p>\n","protected":false},"author":1,"featured_media":0,"parent":12,"menu_order":0,"comment_status":"closed","ping_status":"closed","template":"","meta":{"jetpack_post_was_ever_published":false,"footnotes":""},"class_list":["post-28","page","type-page","status-publish","hentry"],"yoast_head":"<!-- This site is optimized with the Yoast SEO plugin v21.5 - https:\/\/yoast.com\/wordpress\/plugins\/seo\/ -->\n<title>L&#039;Origine Des Collections - M\u00e9c\u00e9nat du Mus\u00e9e Fran\u00e7ais de La Photographie de Bi\u00e8vres<\/title>\n<meta name=\"robots\" content=\"index, follow, max-snippet:-1, max-image-preview:large, max-video-preview:-1\" \/>\n<link rel=\"canonical\" href=\"https:\/\/mecenat-musee-photo.org\/?page_id=28\" \/>\n<meta property=\"og:locale\" content=\"fr_FR\" \/>\n<meta property=\"og:type\" content=\"article\" \/>\n<meta property=\"og:title\" content=\"L&#039;Origine Des Collections - M\u00e9c\u00e9nat du Mus\u00e9e Fran\u00e7ais de La Photographie de Bi\u00e8vres\" \/>\n<meta property=\"og:description\" content=\"Ce que pensent plusieurs experts de la collection du mus\u00e9e fran\u00e7ais de la photographie Depuis des d\u00e9cennies, la collection du mus\u00e9e de Bi\u00e8vres fait beaucoup parler d\u2019elle. Mais qui la connait vraiment \u00e0 part les collaborateurs qui la g\u00e8rent&nbsp;? Elle est le reflet de ce que Jean FAGE a toujours voulu depuis la cr\u00e9ation&nbsp;: associer les images et les mat\u00e9riels photographiques. De ce point de vue, elle est exceptionnelle car l\u2019une des rares \u00e0 permettre cette association de la technique...Lire la suite Lire la suite\" \/>\n<meta property=\"og:url\" content=\"https:\/\/mecenat-musee-photo.org\/?page_id=28\" \/>\n<meta property=\"og:site_name\" content=\"M\u00e9c\u00e9nat du Mus\u00e9e Fran\u00e7ais de La Photographie de Bi\u00e8vres\" \/>\n<meta property=\"article:modified_time\" content=\"2023-11-03T12:53:18+00:00\" \/>\n<meta name=\"twitter:card\" content=\"summary_large_image\" \/>\n<meta name=\"twitter:label1\" content=\"Dur\u00e9e de lecture estim\u00e9e\" \/>\n\t<meta name=\"twitter:data1\" content=\"2 minutes\" \/>\n<script type=\"application\/ld+json\" class=\"yoast-schema-graph\">{\"@context\":\"https:\/\/schema.org\",\"@graph\":[{\"@type\":\"WebPage\",\"@id\":\"https:\/\/mecenat-musee-photo.org\/?page_id=28\",\"url\":\"https:\/\/mecenat-musee-photo.org\/?page_id=28\",\"name\":\"L'Origine Des Collections - M\u00e9c\u00e9nat du Mus\u00e9e Fran\u00e7ais de La Photographie de Bi\u00e8vres\",\"isPartOf\":{\"@id\":\"https:\/\/mecenat-musee-photo.org\/#website\"},\"datePublished\":\"2023-09-26T14:30:23+00:00\",\"dateModified\":\"2023-11-03T12:53:18+00:00\",\"breadcrumb\":{\"@id\":\"https:\/\/mecenat-musee-photo.org\/?page_id=28#breadcrumb\"},\"inLanguage\":\"fr-FR\",\"potentialAction\":[{\"@type\":\"ReadAction\",\"target\":[\"https:\/\/mecenat-musee-photo.org\/?page_id=28\"]}]},{\"@type\":\"BreadcrumbList\",\"@id\":\"https:\/\/mecenat-musee-photo.org\/?page_id=28#breadcrumb\",\"itemListElement\":[{\"@type\":\"ListItem\",\"position\":1,\"name\":\"Accueil\",\"item\":\"https:\/\/mecenat-musee-photo.org\/\"},{\"@type\":\"ListItem\",\"position\":2,\"name\":\"Les Collections\",\"item\":\"https:\/\/mecenat-musee-photo.org\/?page_id=12\"},{\"@type\":\"ListItem\",\"position\":3,\"name\":\"L&rsquo;Origine Des Collections\"}]},{\"@type\":\"WebSite\",\"@id\":\"https:\/\/mecenat-musee-photo.org\/#website\",\"url\":\"https:\/\/mecenat-musee-photo.org\/\",\"name\":\"M\u00e9c\u00e9nat du Mus\u00e9e Fran\u00e7ais de La Photographie de Bi\u00e8vres\",\"description\":\"Pour que l&#039;Image perdure !\",\"alternateName\":\"M\u00e9c\u00e9nat - MFPB\",\"potentialAction\":[{\"@type\":\"SearchAction\",\"target\":{\"@type\":\"EntryPoint\",\"urlTemplate\":\"https:\/\/mecenat-musee-photo.org\/?s={search_term_string}\"},\"query-input\":\"required name=search_term_string\"}],\"inLanguage\":\"fr-FR\"}]}<\/script>\n<!-- \/ Yoast SEO plugin. -->","yoast_head_json":{"title":"L'Origine Des Collections - M\u00e9c\u00e9nat du Mus\u00e9e Fran\u00e7ais de La Photographie de Bi\u00e8vres","robots":{"index":"index","follow":"follow","max-snippet":"max-snippet:-1","max-image-preview":"max-image-preview:large","max-video-preview":"max-video-preview:-1"},"canonical":"https:\/\/mecenat-musee-photo.org\/?page_id=28","og_locale":"fr_FR","og_type":"article","og_title":"L'Origine Des Collections - M\u00e9c\u00e9nat du Mus\u00e9e Fran\u00e7ais de La Photographie de Bi\u00e8vres","og_description":"Ce que pensent plusieurs experts de la collection du mus\u00e9e fran\u00e7ais de la photographie Depuis des d\u00e9cennies, la collection du mus\u00e9e de Bi\u00e8vres fait beaucoup parler d\u2019elle. Mais qui la connait vraiment \u00e0 part les collaborateurs qui la g\u00e8rent&nbsp;? Elle est le reflet de ce que Jean FAGE a toujours voulu depuis la cr\u00e9ation&nbsp;: associer les images et les mat\u00e9riels photographiques. De ce point de vue, elle est exceptionnelle car l\u2019une des rares \u00e0 permettre cette association de la technique...Lire la suite Lire la suite","og_url":"https:\/\/mecenat-musee-photo.org\/?page_id=28","og_site_name":"M\u00e9c\u00e9nat du Mus\u00e9e Fran\u00e7ais de La Photographie de Bi\u00e8vres","article_modified_time":"2023-11-03T12:53:18+00:00","twitter_card":"summary_large_image","twitter_misc":{"Dur\u00e9e de lecture estim\u00e9e":"2 minutes"},"schema":{"@context":"https:\/\/schema.org","@graph":[{"@type":"WebPage","@id":"https:\/\/mecenat-musee-photo.org\/?page_id=28","url":"https:\/\/mecenat-musee-photo.org\/?page_id=28","name":"L'Origine Des Collections - M\u00e9c\u00e9nat du Mus\u00e9e Fran\u00e7ais de La Photographie de Bi\u00e8vres","isPartOf":{"@id":"https:\/\/mecenat-musee-photo.org\/#website"},"datePublished":"2023-09-26T14:30:23+00:00","dateModified":"2023-11-03T12:53:18+00:00","breadcrumb":{"@id":"https:\/\/mecenat-musee-photo.org\/?page_id=28#breadcrumb"},"inLanguage":"fr-FR","potentialAction":[{"@type":"ReadAction","target":["https:\/\/mecenat-musee-photo.org\/?page_id=28"]}]},{"@type":"BreadcrumbList","@id":"https:\/\/mecenat-musee-photo.org\/?page_id=28#breadcrumb","itemListElement":[{"@type":"ListItem","position":1,"name":"Accueil","item":"https:\/\/mecenat-musee-photo.org\/"},{"@type":"ListItem","position":2,"name":"Les Collections","item":"https:\/\/mecenat-musee-photo.org\/?page_id=12"},{"@type":"ListItem","position":3,"name":"L&rsquo;Origine Des Collections"}]},{"@type":"WebSite","@id":"https:\/\/mecenat-musee-photo.org\/#website","url":"https:\/\/mecenat-musee-photo.org\/","name":"M\u00e9c\u00e9nat du Mus\u00e9e Fran\u00e7ais de La Photographie de Bi\u00e8vres","description":"Pour que l&#039;Image perdure !","alternateName":"M\u00e9c\u00e9nat - MFPB","potentialAction":[{"@type":"SearchAction","target":{"@type":"EntryPoint","urlTemplate":"https:\/\/mecenat-musee-photo.org\/?s={search_term_string}"},"query-input":"required name=search_term_string"}],"inLanguage":"fr-FR"}]}},"jetpack_sharing_enabled":true,"_links":{"self":[{"href":"https:\/\/mecenat-musee-photo.org\/index.php?rest_route=\/wp\/v2\/pages\/28","targetHints":{"allow":["GET"]}}],"collection":[{"href":"https:\/\/mecenat-musee-photo.org\/index.php?rest_route=\/wp\/v2\/pages"}],"about":[{"href":"https:\/\/mecenat-musee-photo.org\/index.php?rest_route=\/wp\/v2\/types\/page"}],"author":[{"embeddable":true,"href":"https:\/\/mecenat-musee-photo.org\/index.php?rest_route=\/wp\/v2\/users\/1"}],"replies":[{"embeddable":true,"href":"https:\/\/mecenat-musee-photo.org\/index.php?rest_route=%2Fwp%2Fv2%2Fcomments&post=28"}],"version-history":[{"count":10,"href":"https:\/\/mecenat-musee-photo.org\/index.php?rest_route=\/wp\/v2\/pages\/28\/revisions"}],"predecessor-version":[{"id":305,"href":"https:\/\/mecenat-musee-photo.org\/index.php?rest_route=\/wp\/v2\/pages\/28\/revisions\/305"}],"up":[{"embeddable":true,"href":"https:\/\/mecenat-musee-photo.org\/index.php?rest_route=\/wp\/v2\/pages\/12"}],"wp:attachment":[{"href":"https:\/\/mecenat-musee-photo.org\/index.php?rest_route=%2Fwp%2Fv2%2Fmedia&parent=28"}],"curies":[{"name":"wp","href":"https:\/\/api.w.org\/{rel}","templated":true}]}}