{"id":307,"date":"2023-11-05T10:51:56","date_gmt":"2023-11-05T09:51:56","guid":{"rendered":"http:\/\/mecenat-musee-photo.org\/?page_id=307"},"modified":"2023-11-05T10:51:57","modified_gmt":"2023-11-05T09:51:57","slug":"mentions-legales","status":"publish","type":"page","link":"https:\/\/mecenat-musee-photo.org\/?page_id=307","title":{"rendered":"Mentions L\u00e9gales"},"content":{"rendered":"\n<p>Le site Internet pour le <a href=\"http:\/\/mecenat-musee-photo.org\/\">M\u00e9c\u00e9nat du Mus\u00e9e Fran\u00e7ais de la Photographie de Bi\u00e8vres<\/a> ( <a href=\"https:\/\/mecenat-musee-photo.org\">https:\/\/mecenat-musee-photo.org<\/a>) est la propri\u00e9t\u00e9 des associations\u00a0:<\/p>\n\n\n\n<p><\/p>\n\n\n\n<ul class=\"wp-block-list\">\n<li><strong>Association du Mus\u00e9e Fran\u00e7ais de la Photographie<\/strong> &#8211; Adresse : 78 rue de Paris \u2013 91570 Bi\u00e8vres -N\u00b0 d\u2019enregistrement : W913001309, dont le pr\u00e9sident est\u00a0Monsieur Jo\u00ebl Conan \u2013 06 51 08 55 80<\/li>\n<\/ul>\n\n\n\n<p><\/p>\n\n\n\n<ul class=\"wp-block-list\">\n<li><strong>Association des Amis du Mus\u00e9e Fran\u00e7ais de la Photographie<\/strong> &#8211; Adresse : 78 rue de Paris \u2013 91570 Bi\u00e8vres &#8211; N\u00b0 d\u2019enregistrement : W913001547, dont le pr\u00e9sident est Monsieur Didier Pilon \u2013 06 07 09 50 06<\/li>\n<\/ul>\n\n\n\n<p><strong><u>Directeurs de Publications<\/u><\/strong> <strong>:<\/strong><br>Messieurs <strong>Jo\u00ebl Conan<\/strong> et <strong>Didier Pilon<\/strong><\/p>\n\n\n\n<p><strong><u>H\u00e9bergeur<\/u>&nbsp;: <\/strong><br>Soci\u00e9t\u00e9 OVH GRAVELINES \u2013 ZI Les Huttes \u2013 Route de la Fermes Masson \u2013 59820 \u2013 GRAVELINES \u2013 Siret&nbsp;: 42476141900052<\/p>\n","protected":false},"excerpt":{"rendered":"<p>Le site Internet pour le M\u00e9c\u00e9nat du Mus\u00e9e Fran\u00e7ais de la Photographie de Bi\u00e8vres ( https:\/\/mecenat-musee-photo.org) est la propri\u00e9t\u00e9 des associations\u00a0: Directeurs de Publications :Messieurs Jo\u00ebl Conan et Didier Pilon H\u00e9bergeur&nbsp;: Soci\u00e9t\u00e9 OVH GRAVELINES \u2013 ZI Les Huttes \u2013 Route de la Fermes Masson \u2013 59820 \u2013 GRAVELINES \u2013 Siret&nbsp;: 42476141900052<\/p>\n","protected":false},"author":1,"featured_media":0,"parent":0,"menu_order":0,"comment_status":"closed","ping_status":"closed","template":"","meta":{"jetpack_post_was_ever_published":false,"footnotes":""},"class_list":["post-307","page","type-page","status-publish","hentry"],"yoast_head":"<!-- This site is optimized with the Yoast SEO plugin v21.5 - https:\/\/yoast.com\/wordpress\/plugins\/seo\/ -->\n<title>Mentions L\u00e9gales - M\u00e9c\u00e9nat du Mus\u00e9e Fran\u00e7ais de La Photographie de Bi\u00e8vres<\/title>\n<meta name=\"robots\" content=\"index, follow, max-snippet:-1, max-image-preview:large, max-video-preview:-1\" \/>\n<link rel=\"canonical\" href=\"https:\/\/mecenat-musee-photo.org\/?page_id=307\" \/>\n<meta property=\"og:locale\" content=\"fr_FR\" \/>\n<meta property=\"og:type\" content=\"article\" \/>\n<meta property=\"og:title\" content=\"Mentions L\u00e9gales - M\u00e9c\u00e9nat du Mus\u00e9e Fran\u00e7ais de La Photographie de Bi\u00e8vres\" \/>\n<meta property=\"og:description\" content=\"Le site Internet pour le M\u00e9c\u00e9nat du Mus\u00e9e Fran\u00e7ais de la Photographie de Bi\u00e8vres ( https:\/\/mecenat-musee-photo.org) est la propri\u00e9t\u00e9 des associations\u00a0: Directeurs de Publications :Messieurs Jo\u00ebl Conan et Didier Pilon H\u00e9bergeur&nbsp;: Soci\u00e9t\u00e9 OVH GRAVELINES \u2013 ZI Les Huttes \u2013 Route de la Fermes Masson \u2013 59820 \u2013 GRAVELINES \u2013 Siret&nbsp;: 42476141900052\" \/>\n<meta property=\"og:url\" content=\"https:\/\/mecenat-musee-photo.org\/?page_id=307\" \/>\n<meta property=\"og:site_name\" content=\"M\u00e9c\u00e9nat du Mus\u00e9e Fran\u00e7ais de La Photographie de Bi\u00e8vres\" \/>\n<meta property=\"article:modified_time\" content=\"2023-11-05T09:51:57+00:00\" \/>\n<meta name=\"twitter:card\" content=\"summary_large_image\" \/>\n<meta name=\"twitter:label1\" content=\"Dur\u00e9e de lecture estim\u00e9e\" \/>\n\t<meta name=\"twitter:data1\" content=\"1 minute\" \/>\n<script type=\"application\/ld+json\" class=\"yoast-schema-graph\">{\"@context\":\"https:\/\/schema.org\",\"@graph\":[{\"@type\":\"WebPage\",\"@id\":\"https:\/\/mecenat-musee-photo.org\/?page_id=307\",\"url\":\"https:\/\/mecenat-musee-photo.org\/?page_id=307\",\"name\":\"Mentions L\u00e9gales - M\u00e9c\u00e9nat du Mus\u00e9e Fran\u00e7ais de La Photographie de Bi\u00e8vres\",\"isPartOf\":{\"@id\":\"https:\/\/mecenat-musee-photo.org\/#website\"},\"datePublished\":\"2023-11-05T09:51:56+00:00\",\"dateModified\":\"2023-11-05T09:51:57+00:00\",\"breadcrumb\":{\"@id\":\"https:\/\/mecenat-musee-photo.org\/?page_id=307#breadcrumb\"},\"inLanguage\":\"fr-FR\",\"potentialAction\":[{\"@type\":\"ReadAction\",\"target\":[\"https:\/\/mecenat-musee-photo.org\/?page_id=307\"]}]},{\"@type\":\"BreadcrumbList\",\"@id\":\"https:\/\/mecenat-musee-photo.org\/?page_id=307#breadcrumb\",\"itemListElement\":[{\"@type\":\"ListItem\",\"position\":1,\"name\":\"Accueil\",\"item\":\"https:\/\/mecenat-musee-photo.org\/\"},{\"@type\":\"ListItem\",\"position\":2,\"name\":\"Mentions L\u00e9gales\"}]},{\"@type\":\"WebSite\",\"@id\":\"https:\/\/mecenat-musee-photo.org\/#website\",\"url\":\"https:\/\/mecenat-musee-photo.org\/\",\"name\":\"M\u00e9c\u00e9nat du Mus\u00e9e Fran\u00e7ais de La Photographie de Bi\u00e8vres\",\"description\":\"Pour que l&#039;Image perdure !\",\"alternateName\":\"M\u00e9c\u00e9nat - MFPB\",\"potentialAction\":[{\"@type\":\"SearchAction\",\"target\":{\"@type\":\"EntryPoint\",\"urlTemplate\":\"https:\/\/mecenat-musee-photo.org\/?s={search_term_string}\"},\"query-input\":\"required name=search_term_string\"}],\"inLanguage\":\"fr-FR\"}]}<\/script>\n<!-- \/ Yoast SEO plugin. -->","yoast_head_json":{"title":"Mentions L\u00e9gales - M\u00e9c\u00e9nat du Mus\u00e9e Fran\u00e7ais de La Photographie de Bi\u00e8vres","robots":{"index":"index","follow":"follow","max-snippet":"max-snippet:-1","max-image-preview":"max-image-preview:large","max-video-preview":"max-video-preview:-1"},"canonical":"https:\/\/mecenat-musee-photo.org\/?page_id=307","og_locale":"fr_FR","og_type":"article","og_title":"Mentions L\u00e9gales - M\u00e9c\u00e9nat du Mus\u00e9e Fran\u00e7ais de La Photographie de Bi\u00e8vres","og_description":"Le site Internet pour le M\u00e9c\u00e9nat du Mus\u00e9e Fran\u00e7ais de la Photographie de Bi\u00e8vres ( https:\/\/mecenat-musee-photo.org) est la propri\u00e9t\u00e9 des associations\u00a0: Directeurs de Publications :Messieurs Jo\u00ebl Conan et Didier Pilon H\u00e9bergeur&nbsp;: Soci\u00e9t\u00e9 OVH GRAVELINES \u2013 ZI Les Huttes \u2013 Route de la Fermes Masson \u2013 59820 \u2013 GRAVELINES \u2013 Siret&nbsp;: 42476141900052","og_url":"https:\/\/mecenat-musee-photo.org\/?page_id=307","og_site_name":"M\u00e9c\u00e9nat du Mus\u00e9e Fran\u00e7ais de La Photographie de Bi\u00e8vres","article_modified_time":"2023-11-05T09:51:57+00:00","twitter_card":"summary_large_image","twitter_misc":{"Dur\u00e9e de lecture estim\u00e9e":"1 minute"},"schema":{"@context":"https:\/\/schema.org","@graph":[{"@type":"WebPage","@id":"https:\/\/mecenat-musee-photo.org\/?page_id=307","url":"https:\/\/mecenat-musee-photo.org\/?page_id=307","name":"Mentions L\u00e9gales - M\u00e9c\u00e9nat du Mus\u00e9e Fran\u00e7ais de La Photographie de Bi\u00e8vres","isPartOf":{"@id":"https:\/\/mecenat-musee-photo.org\/#website"},"datePublished":"2023-11-05T09:51:56+00:00","dateModified":"2023-11-05T09:51:57+00:00","breadcrumb":{"@id":"https:\/\/mecenat-musee-photo.org\/?page_id=307#breadcrumb"},"inLanguage":"fr-FR","potentialAction":[{"@type":"ReadAction","target":["https:\/\/mecenat-musee-photo.org\/?page_id=307"]}]},{"@type":"BreadcrumbList","@id":"https:\/\/mecenat-musee-photo.org\/?page_id=307#breadcrumb","itemListElement":[{"@type":"ListItem","position":1,"name":"Accueil","item":"https:\/\/mecenat-musee-photo.org\/"},{"@type":"ListItem","position":2,"name":"Mentions L\u00e9gales"}]},{"@type":"WebSite","@id":"https:\/\/mecenat-musee-photo.org\/#website","url":"https:\/\/mecenat-musee-photo.org\/","name":"M\u00e9c\u00e9nat du Mus\u00e9e Fran\u00e7ais de La Photographie de Bi\u00e8vres","description":"Pour que l&#039;Image perdure !","alternateName":"M\u00e9c\u00e9nat - MFPB","potentialAction":[{"@type":"SearchAction","target":{"@type":"EntryPoint","urlTemplate":"https:\/\/mecenat-musee-photo.org\/?s={search_term_string}"},"query-input":"required name=search_term_string"}],"inLanguage":"fr-FR"}]}},"jetpack_sharing_enabled":true,"_links":{"self":[{"href":"https:\/\/mecenat-musee-photo.org\/index.php?rest_route=\/wp\/v2\/pages\/307","targetHints":{"allow":["GET"]}}],"collection":[{"href":"https:\/\/mecenat-musee-photo.org\/index.php?rest_route=\/wp\/v2\/pages"}],"about":[{"href":"https:\/\/mecenat-musee-photo.org\/index.php?rest_route=\/wp\/v2\/types\/page"}],"author":[{"embeddable":true,"href":"https:\/\/mecenat-musee-photo.org\/index.php?rest_route=\/wp\/v2\/users\/1"}],"replies":[{"embeddable":true,"href":"https:\/\/mecenat-musee-photo.org\/index.php?rest_route=%2Fwp%2Fv2%2Fcomments&post=307"}],"version-history":[{"count":1,"href":"https:\/\/mecenat-musee-photo.org\/index.php?rest_route=\/wp\/v2\/pages\/307\/revisions"}],"predecessor-version":[{"id":308,"href":"https:\/\/mecenat-musee-photo.org\/index.php?rest_route=\/wp\/v2\/pages\/307\/revisions\/308"}],"wp:attachment":[{"href":"https:\/\/mecenat-musee-photo.org\/index.php?rest_route=%2Fwp%2Fv2%2Fmedia&parent=307"}],"curies":[{"name":"wp","href":"https:\/\/api.w.org\/{rel}","templated":true}]}}