{"id":8,"date":"2023-09-26T16:24:19","date_gmt":"2023-09-26T14:24:19","guid":{"rendered":"http:\/\/mecenat-musee-photo.org\/?page_id=8"},"modified":"2023-10-18T17:23:32","modified_gmt":"2023-10-18T15:23:32","slug":"le-projet","status":"publish","type":"page","link":"https:\/\/mecenat-musee-photo.org\/?page_id=8","title":{"rendered":"Le Projet"},"content":{"rendered":"\n<p>En permettant \u00e0 un mus\u00e9e digne du pays qui a vu na\u00eetre la photographie voil\u00e0 pr\u00e8s de 200 ans de voir le jour, ce projet est tout d\u2019abord un projet culturel de grande envergure. Il est rendu possible par la qualit\u00e9 des collections du Mus\u00e9e Fran\u00e7ais de la Photographie de Bi\u00e8vres qui permettent d\u2019envisager une grande vari\u00e9t\u00e9 d\u2019approches et d\u2019animations \u00e0 destination d\u2019un public tr\u00e8s large.<\/p>\n\n\n\n<p>N&rsquo;oublions pas \u00e9galement que le ou les m\u00e9c\u00e8nes porteurs du projet de b\u00e2timent peuvent aussi \u00e9largir leur r\u00e9flexion au-del\u00e0 du seul mus\u00e9e de la photographie.<\/p>\n\n\n\n<p><a href=\"http:\/\/mecenat-musee-photo.org\/?page_id=20\" data-type=\"page\" data-id=\"20\"><strong><em>Pourquoi le m\u00e9c\u00e9nat ?<\/em><\/strong><\/a><\/p>\n\n\n\n<p><a href=\"http:\/\/mecenat-musee-photo.org\/?page_id=22\" data-type=\"page\" data-id=\"22\"><strong><em>Le r\u00f4le des parties prenantes !<\/em><\/strong><\/a><\/p>\n","protected":false},"excerpt":{"rendered":"<p>En permettant \u00e0 un mus\u00e9e digne du pays qui a vu na\u00eetre la photographie voil\u00e0 pr\u00e8s de 200 ans de voir le jour, ce projet est tout d\u2019abord un projet culturel de grande envergure. Il est rendu possible par la qualit\u00e9 des collections du Mus\u00e9e Fran\u00e7ais de la Photographie de Bi\u00e8vres qui permettent d\u2019envisager une grande vari\u00e9t\u00e9 d\u2019approches et d\u2019animations \u00e0 destination d\u2019un public tr\u00e8s large. N&rsquo;oublions pas \u00e9galement que le ou les m\u00e9c\u00e8nes porteurs du projet de b\u00e2timent peuvent&#8230;<\/p>\n<p class=\"read-more\"><a class=\"btn btn-default\" href=\"https:\/\/mecenat-musee-photo.org\/?page_id=8\">Lire la suite<span class=\"screen-reader-text\"> Lire la suite<\/span><\/a><\/p>\n","protected":false},"author":1,"featured_media":0,"parent":0,"menu_order":0,"comment_status":"closed","ping_status":"closed","template":"","meta":{"jetpack_post_was_ever_published":false,"footnotes":""},"class_list":["post-8","page","type-page","status-publish","hentry"],"yoast_head":"<!-- This site is optimized with the Yoast SEO plugin v21.5 - https:\/\/yoast.com\/wordpress\/plugins\/seo\/ -->\n<title>Le Projet - M\u00e9c\u00e9nat du Mus\u00e9e Fran\u00e7ais de La Photographie de Bi\u00e8vres<\/title>\n<meta name=\"robots\" content=\"index, follow, max-snippet:-1, max-image-preview:large, max-video-preview:-1\" \/>\n<link rel=\"canonical\" href=\"https:\/\/mecenat-musee-photo.org\/?page_id=8\" \/>\n<meta property=\"og:locale\" content=\"fr_FR\" \/>\n<meta property=\"og:type\" content=\"article\" \/>\n<meta property=\"og:title\" content=\"Le Projet - M\u00e9c\u00e9nat du Mus\u00e9e Fran\u00e7ais de La Photographie de Bi\u00e8vres\" \/>\n<meta property=\"og:description\" content=\"En permettant \u00e0 un mus\u00e9e digne du pays qui a vu na\u00eetre la photographie voil\u00e0 pr\u00e8s de 200 ans de voir le jour, ce projet est tout d\u2019abord un projet culturel de grande envergure. Il est rendu possible par la qualit\u00e9 des collections du Mus\u00e9e Fran\u00e7ais de la Photographie de Bi\u00e8vres qui permettent d\u2019envisager une grande vari\u00e9t\u00e9 d\u2019approches et d\u2019animations \u00e0 destination d\u2019un public tr\u00e8s large. N&rsquo;oublions pas \u00e9galement que le ou les m\u00e9c\u00e8nes porteurs du projet de b\u00e2timent peuvent...Lire la suite Lire la suite\" \/>\n<meta property=\"og:url\" content=\"https:\/\/mecenat-musee-photo.org\/?page_id=8\" \/>\n<meta property=\"og:site_name\" content=\"M\u00e9c\u00e9nat du Mus\u00e9e Fran\u00e7ais de La Photographie de Bi\u00e8vres\" \/>\n<meta property=\"article:modified_time\" content=\"2023-10-18T15:23:32+00:00\" \/>\n<meta name=\"twitter:card\" content=\"summary_large_image\" \/>\n<meta name=\"twitter:label1\" content=\"Dur\u00e9e de lecture estim\u00e9e\" \/>\n\t<meta name=\"twitter:data1\" content=\"1 minute\" \/>\n<script type=\"application\/ld+json\" class=\"yoast-schema-graph\">{\"@context\":\"https:\/\/schema.org\",\"@graph\":[{\"@type\":\"WebPage\",\"@id\":\"https:\/\/mecenat-musee-photo.org\/?page_id=8\",\"url\":\"https:\/\/mecenat-musee-photo.org\/?page_id=8\",\"name\":\"Le Projet - M\u00e9c\u00e9nat du Mus\u00e9e Fran\u00e7ais de La Photographie de Bi\u00e8vres\",\"isPartOf\":{\"@id\":\"https:\/\/mecenat-musee-photo.org\/#website\"},\"datePublished\":\"2023-09-26T14:24:19+00:00\",\"dateModified\":\"2023-10-18T15:23:32+00:00\",\"breadcrumb\":{\"@id\":\"https:\/\/mecenat-musee-photo.org\/?page_id=8#breadcrumb\"},\"inLanguage\":\"fr-FR\",\"potentialAction\":[{\"@type\":\"ReadAction\",\"target\":[\"https:\/\/mecenat-musee-photo.org\/?page_id=8\"]}]},{\"@type\":\"BreadcrumbList\",\"@id\":\"https:\/\/mecenat-musee-photo.org\/?page_id=8#breadcrumb\",\"itemListElement\":[{\"@type\":\"ListItem\",\"position\":1,\"name\":\"Accueil\",\"item\":\"https:\/\/mecenat-musee-photo.org\/\"},{\"@type\":\"ListItem\",\"position\":2,\"name\":\"Le Projet\"}]},{\"@type\":\"WebSite\",\"@id\":\"https:\/\/mecenat-musee-photo.org\/#website\",\"url\":\"https:\/\/mecenat-musee-photo.org\/\",\"name\":\"M\u00e9c\u00e9nat du Mus\u00e9e Fran\u00e7ais de La Photographie de Bi\u00e8vres\",\"description\":\"Pour que l&#039;Image perdure !\",\"alternateName\":\"M\u00e9c\u00e9nat - MFPB\",\"potentialAction\":[{\"@type\":\"SearchAction\",\"target\":{\"@type\":\"EntryPoint\",\"urlTemplate\":\"https:\/\/mecenat-musee-photo.org\/?s={search_term_string}\"},\"query-input\":\"required name=search_term_string\"}],\"inLanguage\":\"fr-FR\"}]}<\/script>\n<!-- \/ Yoast SEO plugin. -->","yoast_head_json":{"title":"Le Projet - M\u00e9c\u00e9nat du Mus\u00e9e Fran\u00e7ais de La Photographie de Bi\u00e8vres","robots":{"index":"index","follow":"follow","max-snippet":"max-snippet:-1","max-image-preview":"max-image-preview:large","max-video-preview":"max-video-preview:-1"},"canonical":"https:\/\/mecenat-musee-photo.org\/?page_id=8","og_locale":"fr_FR","og_type":"article","og_title":"Le Projet - M\u00e9c\u00e9nat du Mus\u00e9e Fran\u00e7ais de La Photographie de Bi\u00e8vres","og_description":"En permettant \u00e0 un mus\u00e9e digne du pays qui a vu na\u00eetre la photographie voil\u00e0 pr\u00e8s de 200 ans de voir le jour, ce projet est tout d\u2019abord un projet culturel de grande envergure. Il est rendu possible par la qualit\u00e9 des collections du Mus\u00e9e Fran\u00e7ais de la Photographie de Bi\u00e8vres qui permettent d\u2019envisager une grande vari\u00e9t\u00e9 d\u2019approches et d\u2019animations \u00e0 destination d\u2019un public tr\u00e8s large. N&rsquo;oublions pas \u00e9galement que le ou les m\u00e9c\u00e8nes porteurs du projet de b\u00e2timent peuvent...Lire la suite Lire la suite","og_url":"https:\/\/mecenat-musee-photo.org\/?page_id=8","og_site_name":"M\u00e9c\u00e9nat du Mus\u00e9e Fran\u00e7ais de La Photographie de Bi\u00e8vres","article_modified_time":"2023-10-18T15:23:32+00:00","twitter_card":"summary_large_image","twitter_misc":{"Dur\u00e9e de lecture estim\u00e9e":"1 minute"},"schema":{"@context":"https:\/\/schema.org","@graph":[{"@type":"WebPage","@id":"https:\/\/mecenat-musee-photo.org\/?page_id=8","url":"https:\/\/mecenat-musee-photo.org\/?page_id=8","name":"Le Projet - M\u00e9c\u00e9nat du Mus\u00e9e Fran\u00e7ais de La Photographie de Bi\u00e8vres","isPartOf":{"@id":"https:\/\/mecenat-musee-photo.org\/#website"},"datePublished":"2023-09-26T14:24:19+00:00","dateModified":"2023-10-18T15:23:32+00:00","breadcrumb":{"@id":"https:\/\/mecenat-musee-photo.org\/?page_id=8#breadcrumb"},"inLanguage":"fr-FR","potentialAction":[{"@type":"ReadAction","target":["https:\/\/mecenat-musee-photo.org\/?page_id=8"]}]},{"@type":"BreadcrumbList","@id":"https:\/\/mecenat-musee-photo.org\/?page_id=8#breadcrumb","itemListElement":[{"@type":"ListItem","position":1,"name":"Accueil","item":"https:\/\/mecenat-musee-photo.org\/"},{"@type":"ListItem","position":2,"name":"Le Projet"}]},{"@type":"WebSite","@id":"https:\/\/mecenat-musee-photo.org\/#website","url":"https:\/\/mecenat-musee-photo.org\/","name":"M\u00e9c\u00e9nat du Mus\u00e9e Fran\u00e7ais de La Photographie de Bi\u00e8vres","description":"Pour que l&#039;Image perdure !","alternateName":"M\u00e9c\u00e9nat - MFPB","potentialAction":[{"@type":"SearchAction","target":{"@type":"EntryPoint","urlTemplate":"https:\/\/mecenat-musee-photo.org\/?s={search_term_string}"},"query-input":"required name=search_term_string"}],"inLanguage":"fr-FR"}]}},"jetpack_sharing_enabled":true,"_links":{"self":[{"href":"https:\/\/mecenat-musee-photo.org\/index.php?rest_route=\/wp\/v2\/pages\/8","targetHints":{"allow":["GET"]}}],"collection":[{"href":"https:\/\/mecenat-musee-photo.org\/index.php?rest_route=\/wp\/v2\/pages"}],"about":[{"href":"https:\/\/mecenat-musee-photo.org\/index.php?rest_route=\/wp\/v2\/types\/page"}],"author":[{"embeddable":true,"href":"https:\/\/mecenat-musee-photo.org\/index.php?rest_route=\/wp\/v2\/users\/1"}],"replies":[{"embeddable":true,"href":"https:\/\/mecenat-musee-photo.org\/index.php?rest_route=%2Fwp%2Fv2%2Fcomments&post=8"}],"version-history":[{"count":4,"href":"https:\/\/mecenat-musee-photo.org\/index.php?rest_route=\/wp\/v2\/pages\/8\/revisions"}],"predecessor-version":[{"id":242,"href":"https:\/\/mecenat-musee-photo.org\/index.php?rest_route=\/wp\/v2\/pages\/8\/revisions\/242"}],"wp:attachment":[{"href":"https:\/\/mecenat-musee-photo.org\/index.php?rest_route=%2Fwp%2Fv2%2Fmedia&parent=8"}],"curies":[{"name":"wp","href":"https:\/\/api.w.org\/{rel}","templated":true}]}}